{"id":555,"date":"2016-08-23T13:45:15","date_gmt":"2016-08-23T11:45:15","guid":{"rendered":"http:\/\/www.cheminpetit.de\/wordpress\/?page_id=555"},"modified":"2017-01-03T14:46:06","modified_gmt":"2017-01-03T14:46:06","slug":"ehrungen","status":"publish","type":"page","link":"https:\/\/cheminpetit.de\/wordpress\/fotogalerie\/ehrungen\/","title":{"rendered":"Ehrungen"},"content":{"rendered":"<p>&nbsp;<\/p>\n<!-- index.php -->\n<div\n\tclass=\"ngg-galleryoverview ngg-ajax-pagination-none\"\n\tid=\"ngg-gallery-ecfea55588066117b7a128d458fa0732-1\">\n\n    \t\t<!-- Thumbnails -->\n\t\t\t\t<div id=\"ngg-image-0\" class=\"ngg-gallery-thumbnail-box\" >\n\t\t\t\t        <div class=\"ngg-gallery-thumbnail\">\n            <a href=\"https:\/\/cheminpetit.de\/wordpress\/wp-content\/gallery\/ehrungen\/e_01-1.jpg\"\n               title=\"Der Pr\u00e4sident der Akademie der K\u00fcnste Hans Scharoun gratuliert Hans Chemin-Petit zur Verleihung des Berliner Kunstpreises 1964\"\n               data-src=\"https:\/\/cheminpetit.de\/wordpress\/wp-content\/gallery\/ehrungen\/e_01-1.jpg\"\n               data-thumbnail=\"https:\/\/cheminpetit.de\/wordpress\/wp-content\/gallery\/ehrungen\/thumbs\/thumbs_e_01-1.jpg\"\n               data-image-id=\"45\"\n               data-title=\"Berliner Kunstpreis 1964\"\n               data-description=\"Der Pr\u00e4sident der Akademie der K\u00fcnste Hans Scharoun gratuliert Hans Chemin-Petit zur Verleihung des Berliner Kunstpreises 1964\"\n               data-image-slug=\"e_01\"\n               class=\"ngg-fancybox\" rel=\"ecfea55588066117b7a128d458fa0732\">\n                <img\n                    title=\"Berliner Kunstpreis 1964\"\n                    alt=\"Berliner Kunstpreis 1964\"\n                    src=\"https:\/\/cheminpetit.de\/wordpress\/wp-content\/gallery\/ehrungen\/thumbs\/thumbs_e_01-1.jpg\"\n                    width=\"210\"\n                    height=\"210\"\n                    style=\"max-width:100%;\"\n                \/>\n            <\/a>\n        <\/div>\n\t\t\t\t\t\t\t<\/div> \n\t\t\t\n        \n\t\t\t\t<div id=\"ngg-image-1\" class=\"ngg-gallery-thumbnail-box\" >\n\t\t\t\t        <div class=\"ngg-gallery-thumbnail\">\n            <a href=\"https:\/\/cheminpetit.de\/wordpress\/wp-content\/gallery\/ehrungen\/e_02-1.jpg\"\n               title=\"Urkunde f\u00fcr die Ehrenmitgliedschaft im Philharmonischen Chor Berlin&lt;br&gt; 2. Juli 1967 Foto: Hans-Joachim Witte, Wiesbaden\"\n               data-src=\"https:\/\/cheminpetit.de\/wordpress\/wp-content\/gallery\/ehrungen\/e_02-1.jpg\"\n               data-thumbnail=\"https:\/\/cheminpetit.de\/wordpress\/wp-content\/gallery\/ehrungen\/thumbs\/thumbs_e_02-1.jpg\"\n               data-image-id=\"46\"\n               data-title=\"Urkunde f\u00fcr die Ehrenmitgliedschaft\"\n               data-description=\"Urkunde f\u00fcr die Ehrenmitgliedschaft im Philharmonischen Chor Berlin&lt;br&gt; 2. Juli 1967 Foto: Hans-Joachim Witte, Wiesbaden\"\n               data-image-slug=\"e_02\"\n               class=\"ngg-fancybox\" rel=\"ecfea55588066117b7a128d458fa0732\">\n                <img\n                    title=\"Urkunde f\u00fcr die Ehrenmitgliedschaft\"\n                    alt=\"Urkunde f\u00fcr die Ehrenmitgliedschaft\"\n                    src=\"https:\/\/cheminpetit.de\/wordpress\/wp-content\/gallery\/ehrungen\/thumbs\/thumbs_e_02-1.jpg\"\n                    width=\"210\"\n                    height=\"210\"\n                    style=\"max-width:100%;\"\n                \/>\n            <\/a>\n        <\/div>\n\t\t\t\t\t\t\t<\/div> \n\t\t\t\n        \n\t\t\t\t<div id=\"ngg-image-2\" class=\"ngg-gallery-thumbnail-box\" >\n\t\t\t\t        <div class=\"ngg-gallery-thumbnail\">\n            <a href=\"https:\/\/cheminpetit.de\/wordpress\/wp-content\/gallery\/ehrungen\/e_04-1.jpg\"\n               title=\"Verleihungsurkunde von Das Verdienstkreuz am Bande 25. M\u00e4rz 1968&lt;br&gt; Foto: Hans-Joachim Witte, Wiesbaden\"\n               data-src=\"https:\/\/cheminpetit.de\/wordpress\/wp-content\/gallery\/ehrungen\/e_04-1.jpg\"\n               data-thumbnail=\"https:\/\/cheminpetit.de\/wordpress\/wp-content\/gallery\/ehrungen\/thumbs\/thumbs_e_04-1.jpg\"\n               data-image-id=\"47\"\n               data-title=\"Das Verdienstkreuz am Bande\"\n               data-description=\"Verleihungsurkunde von Das Verdienstkreuz am Bande 25. M\u00e4rz 1968&lt;br&gt; Foto: Hans-Joachim Witte, Wiesbaden\"\n               data-image-slug=\"e_04\"\n               class=\"ngg-fancybox\" rel=\"ecfea55588066117b7a128d458fa0732\">\n                <img\n                    title=\"Das Verdienstkreuz am Bande\"\n                    alt=\"Das Verdienstkreuz am Bande\"\n                    src=\"https:\/\/cheminpetit.de\/wordpress\/wp-content\/gallery\/ehrungen\/thumbs\/thumbs_e_04-1.jpg\"\n                    width=\"210\"\n                    height=\"210\"\n                    style=\"max-width:100%;\"\n                \/>\n            <\/a>\n        <\/div>\n\t\t\t\t\t\t\t<\/div> \n\t\t\t\n        \n\t\t\t\t<div id=\"ngg-image-3\" class=\"ngg-gallery-thumbnail-box\" >\n\t\t\t\t        <div class=\"ngg-gallery-thumbnail\">\n            <a href=\"https:\/\/cheminpetit.de\/wordpress\/wp-content\/gallery\/ehrungen\/e_05-1.jpg\"\n               title=\"Verleihung des Bundesverdienstkreuzes durch Senator Werner Stein an Hans Chemin-Petit am 30. April 1968&lt;br&gt; (Links im Bild Lena Chemin-Petit)&lt;br&gt; Foto: Landesbildstelle Berlin\"\n               data-src=\"https:\/\/cheminpetit.de\/wordpress\/wp-content\/gallery\/ehrungen\/e_05-1.jpg\"\n               data-thumbnail=\"https:\/\/cheminpetit.de\/wordpress\/wp-content\/gallery\/ehrungen\/thumbs\/thumbs_e_05-1.jpg\"\n               data-image-id=\"48\"\n               data-title=\"Verleihung des Bundesverdienstkreuzes\"\n               data-description=\"Verleihung des Bundesverdienstkreuzes durch Senator Werner Stein an Hans Chemin-Petit am 30. April 1968&lt;br&gt; (Links im Bild Lena Chemin-Petit)&lt;br&gt; Foto: Landesbildstelle Berlin\"\n               data-image-slug=\"e_05\"\n               class=\"ngg-fancybox\" rel=\"ecfea55588066117b7a128d458fa0732\">\n                <img\n                    title=\"Verleihung des Bundesverdienstkreuzes\"\n                    alt=\"Verleihung des Bundesverdienstkreuzes\"\n                    src=\"https:\/\/cheminpetit.de\/wordpress\/wp-content\/gallery\/ehrungen\/thumbs\/thumbs_e_05-1.jpg\"\n                    width=\"210\"\n                    height=\"210\"\n                    style=\"max-width:100%;\"\n                \/>\n            <\/a>\n        <\/div>\n\t\t\t\t\t\t\t<\/div> \n\t\t\t\n        \n\t\t\t\t<div id=\"ngg-image-4\" class=\"ngg-gallery-thumbnail-box\" >\n\t\t\t\t        <div class=\"ngg-gallery-thumbnail\">\n            <a href=\"https:\/\/cheminpetit.de\/wordpress\/wp-content\/gallery\/ehrungen\/e_06_1-1.jpg\"\n               title=\"Verleihungsurkunde von der Ernst-Reuter-Plakette f\u00fcr Hans Chemin-Petit&lt;br&gt; 3. Mai 1977&lt;br&gt; Fotos: Hans-Joachim Witte, Wiesbaden\"\n               data-src=\"https:\/\/cheminpetit.de\/wordpress\/wp-content\/gallery\/ehrungen\/e_06_1-1.jpg\"\n               data-thumbnail=\"https:\/\/cheminpetit.de\/wordpress\/wp-content\/gallery\/ehrungen\/thumbs\/thumbs_e_06_1-1.jpg\"\n               data-image-id=\"49\"\n               data-title=\"Ernst-Reuter-Plakette\"\n               data-description=\"Verleihungsurkunde von der Ernst-Reuter-Plakette f\u00fcr Hans Chemin-Petit&lt;br&gt; 3. Mai 1977&lt;br&gt; Fotos: Hans-Joachim Witte, Wiesbaden\"\n               data-image-slug=\"e_06_1\"\n               class=\"ngg-fancybox\" rel=\"ecfea55588066117b7a128d458fa0732\">\n                <img\n                    title=\"Ernst-Reuter-Plakette\"\n                    alt=\"Ernst-Reuter-Plakette\"\n                    src=\"https:\/\/cheminpetit.de\/wordpress\/wp-content\/gallery\/ehrungen\/thumbs\/thumbs_e_06_1-1.jpg\"\n                    width=\"210\"\n                    height=\"210\"\n                    style=\"max-width:100%;\"\n                \/>\n            <\/a>\n        <\/div>\n\t\t\t\t\t\t\t<\/div> \n\t\t\t\n        \n\t\t\t\t<div id=\"ngg-image-5\" class=\"ngg-gallery-thumbnail-box\" >\n\t\t\t\t        <div class=\"ngg-gallery-thumbnail\">\n            <a href=\"https:\/\/cheminpetit.de\/wordpress\/wp-content\/gallery\/ehrungen\/e_07-1.jpg\"\n               title=\"Verleihung der Ernst-Reuter-Plakette an Hans Chemin-Petit durch den Senator f\u00fcr Kulturelle Angelegenheiten Dr. Dieter Sauberzweig am 26. Oktober 1977&lt;br&gt; Foto: Landesbildstelle Berlin\"\n               data-src=\"https:\/\/cheminpetit.de\/wordpress\/wp-content\/gallery\/ehrungen\/e_07-1.jpg\"\n               data-thumbnail=\"https:\/\/cheminpetit.de\/wordpress\/wp-content\/gallery\/ehrungen\/thumbs\/thumbs_e_07-1.jpg\"\n               data-image-id=\"50\"\n               data-title=\"Ernst-Reuter-Plakette\"\n               data-description=\"Verleihung der Ernst-Reuter-Plakette an Hans Chemin-Petit durch den Senator f\u00fcr Kulturelle Angelegenheiten Dr. Dieter Sauberzweig am 26. Oktober 1977&lt;br&gt; Foto: Landesbildstelle Berlin\"\n               data-image-slug=\"e_07\"\n               class=\"ngg-fancybox\" rel=\"ecfea55588066117b7a128d458fa0732\">\n                <img\n                    title=\"Ernst-Reuter-Plakette\"\n                    alt=\"Ernst-Reuter-Plakette\"\n                    src=\"https:\/\/cheminpetit.de\/wordpress\/wp-content\/gallery\/ehrungen\/thumbs\/thumbs_e_07-1.jpg\"\n                    width=\"210\"\n                    height=\"210\"\n                    style=\"max-width:100%;\"\n                \/>\n            <\/a>\n        <\/div>\n\t\t\t\t\t\t\t<\/div> \n\t\t\t\n        \n\t\t\t\t<div id=\"ngg-image-6\" class=\"ngg-gallery-thumbnail-box\" >\n\t\t\t\t        <div class=\"ngg-gallery-thumbnail\">\n            <a href=\"https:\/\/cheminpetit.de\/wordpress\/wp-content\/gallery\/ehrungen\/e_08-1.jpg\"\n               title=\"Ehrenurkunde der Dramatiker-Union zur Verleihung der Goldenen Nadel 27. Juli 1977&lt;br&gt; Foto: Hans-Joachim Witte, Wiesbaden\"\n               data-src=\"https:\/\/cheminpetit.de\/wordpress\/wp-content\/gallery\/ehrungen\/e_08-1.jpg\"\n               data-thumbnail=\"https:\/\/cheminpetit.de\/wordpress\/wp-content\/gallery\/ehrungen\/thumbs\/thumbs_e_08-1.jpg\"\n               data-image-id=\"51\"\n               data-title=\"Verleihung der Goldenen Nadel\"\n               data-description=\"Ehrenurkunde der Dramatiker-Union zur Verleihung der Goldenen Nadel 27. Juli 1977&lt;br&gt; Foto: Hans-Joachim Witte, Wiesbaden\"\n               data-image-slug=\"e_08\"\n               class=\"ngg-fancybox\" rel=\"ecfea55588066117b7a128d458fa0732\">\n                <img\n                    title=\"Verleihung der Goldenen Nadel\"\n                    alt=\"Verleihung der Goldenen Nadel\"\n                    src=\"https:\/\/cheminpetit.de\/wordpress\/wp-content\/gallery\/ehrungen\/thumbs\/thumbs_e_08-1.jpg\"\n                    width=\"210\"\n                    height=\"210\"\n                    style=\"max-width:100%;\"\n                \/>\n            <\/a>\n        <\/div>\n\t\t\t\t\t\t\t<\/div> \n\t\t\t\n        \n\t\t\t\t<div id=\"ngg-image-7\" class=\"ngg-gallery-thumbnail-box\" >\n\t\t\t\t        <div class=\"ngg-gallery-thumbnail\">\n            <a href=\"https:\/\/cheminpetit.de\/wordpress\/wp-content\/gallery\/ehrungen\/e_09-1.jpg\"\n               title=\"Verleihungsurkunde f\u00fcr die Goldene Ehrennadel des Volksbundes Deutsche Kriegsgr\u00e4berf\u00fcrsorge e.V. 19. November 1978&lt;br&gt; Foto: Hans-Joachim Witte, Wiesbaden\"\n               data-src=\"https:\/\/cheminpetit.de\/wordpress\/wp-content\/gallery\/ehrungen\/e_09-1.jpg\"\n               data-thumbnail=\"https:\/\/cheminpetit.de\/wordpress\/wp-content\/gallery\/ehrungen\/thumbs\/thumbs_e_09-1.jpg\"\n               data-image-id=\"52\"\n               data-title=\"Ehrennadel des Volksbundes Deutsche Kriegsgr\u00e4berf\u00fcrsorge e.V.\"\n               data-description=\"Verleihungsurkunde f\u00fcr die Goldene Ehrennadel des Volksbundes Deutsche Kriegsgr\u00e4berf\u00fcrsorge e.V. 19. November 1978&lt;br&gt; Foto: Hans-Joachim Witte, Wiesbaden\"\n               data-image-slug=\"e_09\"\n               class=\"ngg-fancybox\" rel=\"ecfea55588066117b7a128d458fa0732\">\n                <img\n                    title=\"Ehrennadel des Volksbundes Deutsche Kriegsgr\u00e4berf\u00fcrsorge e.V.\"\n                    alt=\"Ehrennadel des Volksbundes Deutsche Kriegsgr\u00e4berf\u00fcrsorge e.V.\"\n                    src=\"https:\/\/cheminpetit.de\/wordpress\/wp-content\/gallery\/ehrungen\/thumbs\/thumbs_e_09-1.jpg\"\n                    width=\"210\"\n                    height=\"210\"\n                    style=\"max-width:100%;\"\n                \/>\n            <\/a>\n        <\/div>\n\t\t\t\t\t\t\t<\/div> \n\t\t\t\n        \n\t\t\n\t\t<!-- Pagination -->\n\t<div class='ngg-clear'><\/div>\t<\/div>\n\n","protected":false},"excerpt":{"rendered":"<p>&nbsp;<\/p>\n","protected":false},"author":2,"featured_media":0,"parent":63,"menu_order":0,"comment_status":"closed","ping_status":"closed","template":"templates\/page-ribbon.php","meta":{"ngg_post_thumbnail":0},"_links":{"self":[{"href":"https:\/\/cheminpetit.de\/wordpress\/wp-json\/wp\/v2\/pages\/555"}],"collection":[{"href":"https:\/\/cheminpetit.de\/wordpress\/wp-json\/wp\/v2\/pages"}],"about":[{"href":"https:\/\/cheminpetit.de\/wordpress\/wp-json\/wp\/v2\/types\/page"}],"author":[{"embeddable":true,"href":"https:\/\/cheminpetit.de\/wordpress\/wp-json\/wp\/v2\/users\/2"}],"replies":[{"embeddable":true,"href":"https:\/\/cheminpetit.de\/wordpress\/wp-json\/wp\/v2\/comments?post=555"}],"version-history":[{"count":1,"href":"https:\/\/cheminpetit.de\/wordpress\/wp-json\/wp\/v2\/pages\/555\/revisions"}],"predecessor-version":[{"id":1115,"href":"https:\/\/cheminpetit.de\/wordpress\/wp-json\/wp\/v2\/pages\/555\/revisions\/1115"}],"up":[{"embeddable":true,"href":"https:\/\/cheminpetit.de\/wordpress\/wp-json\/wp\/v2\/pages\/63"}],"wp:attachment":[{"href":"https:\/\/cheminpetit.de\/wordpress\/wp-json\/wp\/v2\/media?parent=555"}],"curies":[{"name":"wp","href":"https:\/\/api.w.org\/{rel}","templated":true}]}}